{"id":28,"date":"2025-09-24T14:34:01","date_gmt":"2025-09-24T14:34:01","guid":{"rendered":"https:\/\/ortadogu.websitesunum.com.tr\/?page_id=28"},"modified":"2025-10-09T13:09:46","modified_gmt":"2025-10-09T13:09:46","slug":"yardim","status":"publish","type":"page","link":"https:\/\/ortadogugidafuari.com\/de\/yardim\/","title":{"rendered":"Hilfe"},"content":{"rendered":"<div class=\"wpb-content-wrapper\"><div id=\"soru\" class=\"vc_row wpb_row vc_row-fluid wd-rs-6877912fe5f3f\"><div class=\"wpb_column vc_column_container vc_col-sm-12\"><div class=\"vc_column-inner\"><div class=\"wpb_wrapper\">\n\t\t<div id=\"wd-68e7b3f5307e5\" class=\"title-wrapper wd-wpb wd-set-mb reset-last-child  wd-animation-slide-from-right wd-animation-normal wd_delay_200 wd-rs-68e7b3f5307e5 wd-title-color-default wd-title-style-default text-center  wd-underline-colored\">\n\t\t\t\n\t\t\t<div class=\"liner-continer\">\n\t\t\t\t<h2 class=\"woodmart-title-container title  wd-font-weight- wd-fontsize-xxxl\" >H\u00e4ufig gestellte Fragen<\/h2>\n\t\t\t\t\t\t\t<\/div>\n\t\t\t\n\t\t\t\n\t\t\t\n\t\t<\/div>\n\t\t\n\t\t\n\t\t<div id=\"wd-6877677af227b\" class=\"wd-accordion wd-wpb wd-animation-slide-from-right wd-animation-normal wd_delay_200 wd-rs-6877677af227b  wd-style-default wd-titles-left wd-opener-pos-left wd-opener-style-arrow\" data-state=\"all_closed\">\n\t\t\t\t\t\t\t\n\t\t\t\t\n\t\t\t\t<div class=\"wd-accordion-item\">\n\t\t\t\t\t<div class=\"wd-accordion-title font-primary wd-fontsize-l wd-font-weight-600\" data-accordion-index=\"0\">\n\t\t\t\t\t\t<div class=\"wd-accordion-title-text\">\n\t\t\t\t\t\t\t\t\t\t\t\t\t\t<span>\n\t\t\t\t\t\t\t\tWann und wo findet die Messe statt?\t\t\t\t\t\t\t<\/span>\n\t\t\t\t\t\t<\/div>\n\t\t\t\t\t\t<span class=\"wd-accordion-opener\"><\/span>\n\t\t\t\t\t<\/div>\n\n\t\t\t\t\t<div class=\"wd-accordion-content wd-entry-content wd-fontsize-m\" data-accordion-index=\"0\">\n\t\t\t\t\t\t\t\t\t\t\t\t\t<p><span style=\"font-weight: 400;\">Die MFF Middle East Food and Food Technologies Fair wird vom 6. bis 8. Mai 2026 im Gaziantep Middle East Fair Center stattfinden. <\/span><span style=\"font-weight: 400;\">Die Messe ist das umfassendste Branchentreffen der Region und bringt Unternehmen aus den Bereichen Lebensmittel, Lebensmittelproduktion, Verarbeitungstechnologien, Verpackung, K\u00fchlsysteme und Logistik zusammen.<\/span><\/p>\n<p><br style=\"font-weight: 400;\" \/><br style=\"font-weight: 400;\" \/><\/p>\n\t\t\t\t\t\t\t\t\t\t\t<\/div>\n\t\t\t\t<\/div>\n\t\t\t\t\t\t\t\n\t\t\t\t\n\t\t\t\t<div class=\"wd-accordion-item\">\n\t\t\t\t\t<div class=\"wd-accordion-title font-primary wd-fontsize-l wd-font-weight-600\" data-accordion-index=\"1\">\n\t\t\t\t\t\t<div class=\"wd-accordion-title-text\">\n\t\t\t\t\t\t\t\t\t\t\t\t\t\t<span>\n\t\t\t\t\t\t\t\tWas ist der Zweck der Messe?\t\t\t\t\t\t\t<\/span>\n\t\t\t\t\t\t<\/div>\n\t\t\t\t\t\t<span class=\"wd-accordion-opener\"><\/span>\n\t\t\t\t\t<\/div>\n\n\t\t\t\t\t<div class=\"wd-accordion-content wd-entry-content wd-fontsize-m\" data-accordion-index=\"1\">\n\t\t\t\t\t\t\t\t\t\t\t\t\t<p><span style=\"font-weight: 400;\">Ziel der MFF ist es, Hersteller, Lieferanten, Importeure, Exporteure und Fachbesucher aus den Bereichen Lebensmittel und Lebensmitteltechnologie unter einem Dach zusammenzubringen. <\/span><span style=\"font-weight: 400;\">Ziel der Veranstaltung ist es, die Entwicklung des Sektors zu f\u00f6rdern, neue Gesch\u00e4ftskontakte zu kn\u00fcpfen, das Handelsvolumen zu steigern und technologische Innovationen vorzustellen.<\/span><\/p>\n<p><br style=\"font-weight: 400;\" \/><br style=\"font-weight: 400;\" \/><\/p>\n\t\t\t\t\t\t\t\t\t\t\t<\/div>\n\t\t\t\t<\/div>\n\t\t\t\t\t\t\t\n\t\t\t\t\n\t\t\t\t<div class=\"wd-accordion-item\">\n\t\t\t\t\t<div class=\"wd-accordion-title font-primary wd-fontsize-l wd-font-weight-600\" data-accordion-index=\"2\">\n\t\t\t\t\t\t<div class=\"wd-accordion-title-text\">\n\t\t\t\t\t\t\t\t\t\t\t\t\t\t<span>\n\t\t\t\t\t\t\t\tWer kann die Messe besuchen?\t\t\t\t\t\t\t<\/span>\n\t\t\t\t\t\t<\/div>\n\t\t\t\t\t\t<span class=\"wd-accordion-opener\"><\/span>\n\t\t\t\t\t<\/div>\n\n\t\t\t\t\t<div class=\"wd-accordion-content wd-entry-content wd-fontsize-m\" data-accordion-index=\"2\">\n\t\t\t\t\t\t\t\t\t\t\t\t\t<p><span style=\"font-weight: 400;\">Die Messe wird von Lebensmittelherstellern, Verarbeitungsbetrieben, Einzelhandelsketten, Import- und Exportunternehmen, Hotels, Restaurants, Catering-Unternehmen, Logistikanbietern, Verpackungsherstellern und Fachleuten der Lebensmittelindustrie besucht. <\/span><span style=\"font-weight: 400;\">Dar\u00fcber hinaus nehmen professionelle Einkaufsdelegationen aus vielen L\u00e4ndern an der Messe teil, um Gesch\u00e4ftsverhandlungen zu f\u00fchren.<\/span><\/p>\n<p><br style=\"font-weight: 400;\" \/><br style=\"font-weight: 400;\" \/><\/p>\n\t\t\t\t\t\t\t\t\t\t\t<\/div>\n\t\t\t\t<\/div>\n\t\t\t\t\t\t\t\n\t\t\t\t\n\t\t\t\t<div class=\"wd-accordion-item\">\n\t\t\t\t\t<div class=\"wd-accordion-title font-primary wd-fontsize-l wd-font-weight-600\" data-accordion-index=\"3\">\n\t\t\t\t\t\t<div class=\"wd-accordion-title-text\">\n\t\t\t\t\t\t\t\t\t\t\t\t\t\t<span>\n\t\t\t\t\t\t\t\tWelche Produkte werden auf der Messe ausgestellt?\t\t\t\t\t\t\t<\/span>\n\t\t\t\t\t\t<\/div>\n\t\t\t\t\t\t<span class=\"wd-accordion-opener\"><\/span>\n\t\t\t\t\t<\/div>\n\n\t\t\t\t\t<div class=\"wd-accordion-content wd-entry-content wd-fontsize-m\" data-accordion-index=\"3\">\n\t\t\t\t\t\t\t\t\t\t\t\t\t<p><span style=\"font-weight: 400;\">Die Messe bietet eine breite Palette von Produkten und Technologien f\u00fcr alle Bereiche der Lebensmittelindustrie.<\/span><\/p>\n<p><span style=\"font-weight: 400;\">Die Besucher werden viele Innovationen sehen k\u00f6nnen, z. B. verarbeitete Lebensmittel, Getr\u00e4nke, Milch und Molkereiprodukte, Backwaren, Fleisch und Fleischprodukte, Tiefk\u00fchl- und Bio-Lebensmittel, Lebensmittelverarbeitungsmaschinen, Verpackungssysteme, K\u00fchltechnologien, Logistik- und Lagerl\u00f6sungen. <\/span><span style=\"font-weight: 400;\">Ziel des MFF ist es, Technologien einzuf\u00fchren, die die Produktionseffizienz steigern und nachhaltige L\u00f6sungen bieten.<\/span><\/p>\n<p><br style=\"font-weight: 400;\" \/><br style=\"font-weight: 400;\" \/><\/p>\n\t\t\t\t\t\t\t\t\t\t\t<\/div>\n\t\t\t\t<\/div>\n\t\t\t\t\t\t\t\n\t\t\t\t\n\t\t\t\t<div class=\"wd-accordion-item\">\n\t\t\t\t\t<div class=\"wd-accordion-title font-primary wd-fontsize-l wd-font-weight-600\" data-accordion-index=\"4\">\n\t\t\t\t\t\t<div class=\"wd-accordion-title-text\">\n\t\t\t\t\t\t\t\t\t\t\t\t\t\t<span>\n\t\t\t\t\t\t\t\tWie bewirbt man sich als Teilnehmer?\t\t\t\t\t\t\t<\/span>\n\t\t\t\t\t\t<\/div>\n\t\t\t\t\t\t<span class=\"wd-accordion-opener\"><\/span>\n\t\t\t\t\t<\/div>\n\n\t\t\t\t\t<div class=\"wd-accordion-content wd-entry-content wd-fontsize-m\" data-accordion-index=\"4\">\n\t\t\t\t\t\t\t\t\t\t\t\t\t<p><span style=\"font-weight: 400;\">Unternehmen, die sich als Aussteller anmelden m\u00f6chten, k\u00f6nnen das Anmeldeformular f\u00fcr Aussteller auf der offiziellen Website der Messe ausf\u00fcllen oder <\/span><a href=\"mailto:info@ortadogugidafuari.com\"><span style=\"font-weight: 400;\">info@ortadogugidafuari.com<\/span><\/a><span style=\"font-weight: 400;\"> Sie k\u00f6nnen sich per E-Mail an diese Adresse bewerben. T<\/span><span style=\"font-weight: 400;\">Die Bewerbungen werden vom Messeausschuss gepr\u00fcft und die in Frage kommenden Unternehmen werden benachrichtigt.<\/span><\/p>\n<p><br style=\"font-weight: 400;\" \/><br style=\"font-weight: 400;\" \/><\/p>\n\t\t\t\t\t\t\t\t\t\t\t<\/div>\n\t\t\t\t<\/div>\n\t\t\t\t\t\t\t\n\t\t\t\t\n\t\t\t\t<div class=\"wd-accordion-item\">\n\t\t\t\t\t<div class=\"wd-accordion-title font-primary wd-fontsize-l wd-font-weight-600\" data-accordion-index=\"5\">\n\t\t\t\t\t\t<div class=\"wd-accordion-title-text\">\n\t\t\t\t\t\t\t\t\t\t\t\t\t\t<span>\n\t\t\t\t\t\t\t\tIst eine Anmeldung am Messeeingang obligatorisch?\t\t\t\t\t\t\t<\/span>\n\t\t\t\t\t\t<\/div>\n\t\t\t\t\t\t<span class=\"wd-accordion-opener\"><\/span>\n\t\t\t\t\t<\/div>\n\n\t\t\t\t\t<div class=\"wd-accordion-content wd-entry-content wd-fontsize-m\" data-accordion-index=\"5\">\n\t\t\t\t\t\t\t\t\t\t\t\t\t<p><span style=\"font-weight: 400;\">Ja. F\u00fcr die Teilnahme an der Messe ist eine Anmeldung erforderlich. <\/span><span style=\"font-weight: 400;\">Besucher k\u00f6nnen sich registrieren, indem sie das Besucherregistrierungsformular auf der Website der Messe ausf\u00fcllen oder indem sie <\/span><a href=\"mailto:info@ortadogugidafuari.com\"><span style=\"font-weight: 400;\">info@ortadogugidafuari.com<\/span><\/a><span style=\"font-weight: 400;\"> Sie k\u00f6nnen ihre Registrierung abschlie\u00dfen, indem sie eine E-Mail an diese Adresse schicken.<\/span><\/p>\n\t\t\t\t\t\t\t\t\t\t\t<\/div>\n\t\t\t\t<\/div>\n\t\t\t\t\t\t\t\n\t\t\t\t\n\t\t\t\t<div class=\"wd-accordion-item\">\n\t\t\t\t\t<div class=\"wd-accordion-title font-primary wd-fontsize-l wd-font-weight-600\" data-accordion-index=\"6\">\n\t\t\t\t\t\t<div class=\"wd-accordion-title-text\">\n\t\t\t\t\t\t\t\t\t\t\t\t\t\t<span>\n\t\t\t\t\t\t\t\tWie sind die Besuchszeiten der Messe?\t\t\t\t\t\t\t<\/span>\n\t\t\t\t\t\t<\/div>\n\t\t\t\t\t\t<span class=\"wd-accordion-opener\"><\/span>\n\t\t\t\t\t<\/div>\n\n\t\t\t\t\t<div class=\"wd-accordion-content wd-entry-content wd-fontsize-m\" data-accordion-index=\"6\">\n\t\t\t\t\t\t\t\t\t\t\t\t\t<p><span style=\"font-weight: 400;\">Die Messe ist f\u00fcr Besucher t\u00e4glich von 10:00 bis 18:00 Uhr ge\u00f6ffnet. <\/span><span style=\"font-weight: 400;\">Am letzten Tag, dem 8. Mai 2026, endet die Messe um 17:00 Uhr.<\/span><\/p>\n<p><br style=\"font-weight: 400;\" \/><br style=\"font-weight: 400;\" \/><\/p>\n\t\t\t\t\t\t\t\t\t\t\t<\/div>\n\t\t\t\t<\/div>\n\t\t\t\t\t\t\t\n\t\t\t\t\n\t\t\t\t<div class=\"wd-accordion-item\">\n\t\t\t\t\t<div class=\"wd-accordion-title font-primary wd-fontsize-l wd-font-weight-600\" data-accordion-index=\"7\">\n\t\t\t\t\t\t<div class=\"wd-accordion-title-text\">\n\t\t\t\t\t\t\t\t\t\t\t\t\t\t<span>\n\t\t\t\t\t\t\t\tWerden B2B-Gesch\u00e4ftstreffen organisiert?\t\t\t\t\t\t\t<\/span>\n\t\t\t\t\t\t<\/div>\n\t\t\t\t\t\t<span class=\"wd-accordion-opener\"><\/span>\n\t\t\t\t\t<\/div>\n\n\t\t\t\t\t<div class=\"wd-accordion-content wd-entry-content wd-fontsize-m\" data-accordion-index=\"7\">\n\t\t\t\t\t\t\t\t\t\t\t\t\t<p><span style=\"font-weight: 400;\">Ja. Im Rahmen der Messe werden bilaterale B2B-Gesch\u00e4ftsgespr\u00e4che zwischen professionellen Einkaufsdelegationen aus dem Ausland und Ausstellern organisiert. <\/span><span style=\"font-weight: 400;\">Diese Treffen bieten den Teilnehmern die M\u00f6glichkeit, neue Gesch\u00e4ftspartnerschaften zu kn\u00fcpfen, die Exportchancen zu erh\u00f6hen und sich f\u00fcr internationale M\u00e4rkte zu \u00f6ffnen.<\/span><\/p>\n<p><br style=\"font-weight: 400;\" \/><br style=\"font-weight: 400;\" \/><\/p>\n\t\t\t\t\t\t\t\t\t\t\t<\/div>\n\t\t\t\t<\/div>\n\t\t\t\t\t\t\t\n\t\t\t\t\n\t\t\t\t<div class=\"wd-accordion-item\">\n\t\t\t\t\t<div class=\"wd-accordion-title font-primary wd-fontsize-l wd-font-weight-600\" data-accordion-index=\"8\">\n\t\t\t\t\t\t<div class=\"wd-accordion-title-text\">\n\t\t\t\t\t\t\t\t\t\t\t\t\t\t<span>\n\t\t\t\t\t\t\t\tGibt es ein spezielles Programm f\u00fcr Besucher aus dem Ausland?\t\t\t\t\t\t\t<\/span>\n\t\t\t\t\t\t<\/div>\n\t\t\t\t\t\t<span class=\"wd-accordion-opener\"><\/span>\n\t\t\t\t\t<\/div>\n\n\t\t\t\t\t<div class=\"wd-accordion-content wd-entry-content wd-fontsize-m\" data-accordion-index=\"8\">\n\t\t\t\t\t\t\t\t\t\t\t\t\t<p><span style=\"font-weight: 400;\">Ja. Das Programm f\u00fcr internationale Eink\u00e4uferdelegationen wird f\u00fcr Fachbesucher aus dem Ausland angewandt. <\/span><span style=\"font-weight: 400;\">Im Rahmen dieses Programms k\u00f6nnen t\u00fcrkische Erzeuger Einzelgespr\u00e4che mit ausl\u00e4ndischen K\u00e4ufern f\u00fchren; au\u00dferdem wird Unterst\u00fctzung bei der \u00dcbersetzung, Beratung und Unterbringung geboten.<\/span><\/p>\n<p><br style=\"font-weight: 400;\" \/><br style=\"font-weight: 400;\" \/><\/p>\n\t\t\t\t\t\t\t\t\t\t\t<\/div>\n\t\t\t\t<\/div>\n\t\t\t\t\t\t\t\n\t\t\t\t\n\t\t\t\t<div class=\"wd-accordion-item\">\n\t\t\t\t\t<div class=\"wd-accordion-title font-primary wd-fontsize-l wd-font-weight-600\" data-accordion-index=\"9\">\n\t\t\t\t\t\t<div class=\"wd-accordion-title-text\">\n\t\t\t\t\t\t\t\t\t\t\t\t\t\t<span>\n\t\t\t\t\t\t\t\tWie kann ich das Messegel\u00e4nde erreichen?\t\t\t\t\t\t\t<\/span>\n\t\t\t\t\t\t<\/div>\n\t\t\t\t\t\t<span class=\"wd-accordion-opener\"><\/span>\n\t\t\t\t\t<\/div>\n\n\t\t\t\t\t<div class=\"wd-accordion-content wd-entry-content wd-fontsize-m\" data-accordion-index=\"9\">\n\t\t\t\t\t\t\t\t\t\t\t\t\t<p><span style=\"font-weight: 400;\">Das Gaziantep Middle East Expo Centre befindet sich in unmittelbarer N\u00e4he des Stadtzentrums. <\/span><span style=\"font-weight: 400;\">Die Besucher k\u00f6nnen das Messegel\u00e4nde leicht mit \u00f6ffentlichen Verkehrsmitteln oder mit den kostenlosen Shuttle-Diensten erreichen, die w\u00e4hrend der Messe zur Verf\u00fcgung stehen werden. <\/span><span style=\"font-weight: 400;\">Ausf\u00fchrliche Informationen zum Transport finden Sie auf der Website der Messe: <a href=\"https:\/\/ortadogugidafuari.com\/de\/\">www.ortadogugidafuari.com<\/a><\/span><\/p>\n<p><br style=\"font-weight: 400;\" \/><br style=\"font-weight: 400;\" \/><\/p>\n\t\t\t\t\t\t\t\t\t\t\t<\/div>\n\t\t\t\t<\/div>\n\t\t\t\t\t\t\t\n\t\t\t\t\n\t\t\t\t<div class=\"wd-accordion-item\">\n\t\t\t\t\t<div class=\"wd-accordion-title font-primary wd-fontsize-l wd-font-weight-600\" data-accordion-index=\"10\">\n\t\t\t\t\t\t<div class=\"wd-accordion-title-text\">\n\t\t\t\t\t\t\t\t\t\t\t\t\t\t<span>\n\t\t\t\t\t\t\t\tSind Kinder auf der Messe erlaubt?\t\t\t\t\t\t\t<\/span>\n\t\t\t\t\t\t<\/div>\n\t\t\t\t\t\t<span class=\"wd-accordion-opener\"><\/span>\n\t\t\t\t\t<\/div>\n\n\t\t\t\t\t<div class=\"wd-accordion-content wd-entry-content wd-fontsize-m\" data-accordion-index=\"10\">\n\t\t\t\t\t\t\t\t\t\t\t\t\t<p><span style=\"font-weight: 400;\">Beschreibung. Der MFF ist eine Veranstaltung f\u00fcr die professionelle Gesch\u00e4ftswelt. Aus diesem Grund sind Kinder auf dem Messegel\u00e4nde nicht erlaubt.<\/span><\/p>\n\t\t\t\t\t\t\t\t\t\t\t<\/div>\n\t\t\t\t<\/div>\n\t\t\t\t\t\t\t\n\t\t\t\t\n\t\t\t\t<div class=\"wd-accordion-item\">\n\t\t\t\t\t<div class=\"wd-accordion-title font-primary wd-fontsize-l wd-font-weight-600\" data-accordion-index=\"11\">\n\t\t\t\t\t\t<div class=\"wd-accordion-title-text\">\n\t\t\t\t\t\t\t\t\t\t\t\t\t\t<span>\n\t\t\t\t\t\t\t\tWird ein Eintrittspreis erhoben?\t\t\t\t\t\t\t<\/span>\n\t\t\t\t\t\t<\/div>\n\t\t\t\t\t\t<span class=\"wd-accordion-opener\"><\/span>\n\t\t\t\t\t<\/div>\n\n\t\t\t\t\t<div class=\"wd-accordion-content wd-entry-content wd-fontsize-m\" data-accordion-index=\"11\">\n\t\t\t\t\t\t\t\t\t\t\t\t\t<p><span style=\"font-weight: 400;\">Ja. Der Eintritt zur Messe ist f\u00fcr Besucher von au\u00dferhalb des Sektors kostenpflichtig. <\/span><span style=\"font-weight: 400;\">Fachleute aus der Lebensmittelindustrie k\u00f6nnen die Messe jedoch kostenlos besuchen, wenn sie sich vorher anmelden.<\/span><\/p>\n<p><br style=\"font-weight: 400;\" \/><br style=\"font-weight: 400;\" \/><\/p>\n\t\t\t\t\t\t\t\t\t\t\t<\/div>\n\t\t\t\t<\/div>\n\t\t\t\t\t\t\t\n\t\t\t\t\n\t\t\t\t<div class=\"wd-accordion-item\">\n\t\t\t\t\t<div class=\"wd-accordion-title font-primary wd-fontsize-l wd-font-weight-600\" data-accordion-index=\"12\">\n\t\t\t\t\t\t<div class=\"wd-accordion-title-text\">\n\t\t\t\t\t\t\t\t\t\t\t\t\t\t<span>\n\t\t\t\t\t\t\t\tWo finde ich detaillierte Informationen \u00fcber die Messe?\t\t\t\t\t\t\t<\/span>\n\t\t\t\t\t\t<\/div>\n\t\t\t\t\t\t<span class=\"wd-accordion-opener\"><\/span>\n\t\t\t\t\t<\/div>\n\n\t\t\t\t\t<div class=\"wd-accordion-content wd-entry-content wd-fontsize-m\" data-accordion-index=\"12\">\n\t\t\t\t\t\t\t\t\t\t\t\t\t<p><span style=\"font-weight: 400;\">Alle aktuellen Informationen zur Messe, Anmeldeformulare und Teilnahmebedingungen <\/span><a href=\"https:\/\/ortadogugidafuari.com\/de\/\"><span style=\"font-weight: 400;\">www.ortadogugidafuari.com<\/span><\/a><span style=\"font-weight: 400;\"> Sie k\u00f6nnen uns erreichen unter. <\/span><span style=\"font-weight: 400;\">Auch f\u00fcr alle Ihre Fragen <\/span><a href=\"mailto:info@ortadogugidafuari.com\"><span style=\"font-weight: 400;\">info@ortadogugidafuari.com<\/span><\/a><span style=\"font-weight: 400;\"> Sie k\u00f6nnen eine E-Mail an diese Adresse senden.<\/span><\/p>\n<p><br style=\"font-weight: 400;\" \/><br style=\"font-weight: 400;\" \/><\/p>\n\t\t\t\t\t\t\t\t\t\t\t<\/div>\n\t\t\t\t<\/div>\n\t\t\t\t\t\t\t\t\t\t\t\t\t\t<\/div>\n\n\t\t<\/div><\/div><\/div><\/div>\n<\/div>","protected":false},"excerpt":{"rendered":"S\u0131k\u00e7a Sorulan Sorular Fuar ne zaman ve nerede d\u00fczenlenecek? MFF Orta Do\u011fu G\u0131da ve G\u0131da Teknolojileri Fuar\u0131, 6-8 May\u0131s 2026","protected":false},"author":1,"featured_media":0,"parent":0,"menu_order":0,"comment_status":"closed","ping_status":"closed","template":"","meta":{"footnotes":""},"class_list":["post-28","page","type-page","status-publish","hentry"],"_links":{"self":[{"href":"https:\/\/ortadogugidafuari.com\/de\/wp-json\/wp\/v2\/pages\/28","targetHints":{"allow":["GET"]}}],"collection":[{"href":"https:\/\/ortadogugidafuari.com\/de\/wp-json\/wp\/v2\/pages"}],"about":[{"href":"https:\/\/ortadogugidafuari.com\/de\/wp-json\/wp\/v2\/types\/page"}],"author":[{"embeddable":true,"href":"https:\/\/ortadogugidafuari.com\/de\/wp-json\/wp\/v2\/users\/1"}],"replies":[{"embeddable":true,"href":"https:\/\/ortadogugidafuari.com\/de\/wp-json\/wp\/v2\/comments?post=28"}],"version-history":[{"count":4,"href":"https:\/\/ortadogugidafuari.com\/de\/wp-json\/wp\/v2\/pages\/28\/revisions"}],"predecessor-version":[{"id":135,"href":"https:\/\/ortadogugidafuari.com\/de\/wp-json\/wp\/v2\/pages\/28\/revisions\/135"}],"wp:attachment":[{"href":"https:\/\/ortadogugidafuari.com\/de\/wp-json\/wp\/v2\/media?parent=28"}],"curies":[{"name":"wp","href":"https:\/\/api.w.org\/{rel}","templated":true}]}}