{"id":28,"date":"2025-09-24T14:34:01","date_gmt":"2025-09-24T14:34:01","guid":{"rendered":"https:\/\/ortadogu.websitesunum.com.tr\/?page_id=28"},"modified":"2025-10-09T13:09:46","modified_gmt":"2025-10-09T13:09:46","slug":"yardim","status":"publish","type":"page","link":"https:\/\/ortadogugidafuari.com\/es\/yardim\/","title":{"rendered":"Ayuda"},"content":{"rendered":"<div class=\"wpb-content-wrapper\"><div id=\"soru\" class=\"vc_row wpb_row vc_row-fluid wd-rs-6877912fe5f3f\"><div class=\"wpb_column vc_column_container vc_col-sm-12\"><div class=\"vc_column-inner\"><div class=\"wpb_wrapper\">\n\t\t<div id=\"wd-68e7b3f5307e5\" class=\"title-wrapper wd-wpb wd-set-mb reset-last-child  wd-animation-slide-from-right wd-animation-normal wd_delay_200 wd-rs-68e7b3f5307e5 wd-title-color-default wd-title-style-default text-center  wd-underline-colored\">\n\t\t\t\n\t\t\t<div class=\"liner-continer\">\n\t\t\t\t<h2 class=\"woodmart-title-container title  wd-font-weight- wd-fontsize-xxxl\" >Preguntas frecuentes<\/h2>\n\t\t\t\t\t\t\t<\/div>\n\t\t\t\n\t\t\t\n\t\t\t\n\t\t<\/div>\n\t\t\n\t\t\n\t\t<div id=\"wd-6877677af227b\" class=\"wd-accordion wd-wpb wd-animation-slide-from-right wd-animation-normal wd_delay_200 wd-rs-6877677af227b  wd-style-default wd-titles-left wd-opener-pos-left wd-opener-style-arrow\" data-state=\"all_closed\">\n\t\t\t\t\t\t\t\n\t\t\t\t\n\t\t\t\t<div class=\"wd-accordion-item\">\n\t\t\t\t\t<div class=\"wd-accordion-title font-primary wd-fontsize-l wd-font-weight-600\" data-accordion-index=\"0\">\n\t\t\t\t\t\t<div class=\"wd-accordion-title-text\">\n\t\t\t\t\t\t\t\t\t\t\t\t\t\t<span>\n\t\t\t\t\t\t\t\t\u00bfCu\u00e1ndo y d\u00f3nde se organizar\u00e1 la feria?\t\t\t\t\t\t\t<\/span>\n\t\t\t\t\t\t<\/div>\n\t\t\t\t\t\t<span class=\"wd-accordion-opener\"><\/span>\n\t\t\t\t\t<\/div>\n\n\t\t\t\t\t<div class=\"wd-accordion-content wd-entry-content wd-fontsize-m\" data-accordion-index=\"0\">\n\t\t\t\t\t\t\t\t\t\t\t\t\t<p><span style=\"font-weight: 400;\">MFF Middle East Food and Food Technologies Fair se celebrar\u00e1 en Gaziantep Middle East Fair Center entre el 6 y el 8 de mayo de 2026. <\/span><span style=\"font-weight: 400;\">La feria es el encuentro sectorial m\u00e1s completo de la regi\u00f3n y re\u00fane a empresas que operan en los \u00e1mbitos de la alimentaci\u00f3n, la producci\u00f3n de alimentos, las tecnolog\u00edas de transformaci\u00f3n, el envasado, los sistemas de refrigeraci\u00f3n y la log\u00edstica.<\/span><\/p>\n<p><br style=\"font-weight: 400;\" \/><br style=\"font-weight: 400;\" \/><\/p>\n\t\t\t\t\t\t\t\t\t\t\t<\/div>\n\t\t\t\t<\/div>\n\t\t\t\t\t\t\t\n\t\t\t\t\n\t\t\t\t<div class=\"wd-accordion-item\">\n\t\t\t\t\t<div class=\"wd-accordion-title font-primary wd-fontsize-l wd-font-weight-600\" data-accordion-index=\"1\">\n\t\t\t\t\t\t<div class=\"wd-accordion-title-text\">\n\t\t\t\t\t\t\t\t\t\t\t\t\t\t<span>\n\t\t\t\t\t\t\t\t\u00bfCu\u00e1l es el objetivo de la feria?\t\t\t\t\t\t\t<\/span>\n\t\t\t\t\t\t<\/div>\n\t\t\t\t\t\t<span class=\"wd-accordion-opener\"><\/span>\n\t\t\t\t\t<\/div>\n\n\t\t\t\t\t<div class=\"wd-accordion-content wd-entry-content wd-fontsize-m\" data-accordion-index=\"1\">\n\t\t\t\t\t\t\t\t\t\t\t\t\t<p><span style=\"font-weight: 400;\">El objetivo del MFF es reunir bajo un mismo techo a fabricantes, proveedores, importadores, exportadores y visitantes profesionales que operan en los sectores de la alimentaci\u00f3n y las tecnolog\u00edas alimentarias. <\/span><span style=\"font-weight: 400;\">El evento se organiza para apoyar el desarrollo del sector, crear nuevos contactos comerciales, aumentar el volumen de intercambios e introducir innovaciones tecnol\u00f3gicas.<\/span><\/p>\n<p><br style=\"font-weight: 400;\" \/><br style=\"font-weight: 400;\" \/><\/p>\n\t\t\t\t\t\t\t\t\t\t\t<\/div>\n\t\t\t\t<\/div>\n\t\t\t\t\t\t\t\n\t\t\t\t\n\t\t\t\t<div class=\"wd-accordion-item\">\n\t\t\t\t\t<div class=\"wd-accordion-title font-primary wd-fontsize-l wd-font-weight-600\" data-accordion-index=\"2\">\n\t\t\t\t\t\t<div class=\"wd-accordion-title-text\">\n\t\t\t\t\t\t\t\t\t\t\t\t\t\t<span>\n\t\t\t\t\t\t\t\t\u00bfQui\u00e9n puede visitar la feria?\t\t\t\t\t\t\t<\/span>\n\t\t\t\t\t\t<\/div>\n\t\t\t\t\t\t<span class=\"wd-accordion-opener\"><\/span>\n\t\t\t\t\t<\/div>\n\n\t\t\t\t\t<div class=\"wd-accordion-content wd-entry-content wd-fontsize-m\" data-accordion-index=\"2\">\n\t\t\t\t\t\t\t\t\t\t\t\t\t<p><span style=\"font-weight: 400;\">A la feria acuden fabricantes de alimentos, plantas de procesado, cadenas minoristas, empresas de importaci\u00f3n y exportaci\u00f3n, hoteles, restaurantes, empresas de catering, proveedores log\u00edsticos, fabricantes de envases y profesionales de la industria alimentaria. <\/span><span style=\"font-weight: 400;\">Adem\u00e1s, delegaciones de compradores profesionales de muchos pa\u00edses participan en la feria para entablar negociaciones comerciales.<\/span><\/p>\n<p><br style=\"font-weight: 400;\" \/><br style=\"font-weight: 400;\" \/><\/p>\n\t\t\t\t\t\t\t\t\t\t\t<\/div>\n\t\t\t\t<\/div>\n\t\t\t\t\t\t\t\n\t\t\t\t\n\t\t\t\t<div class=\"wd-accordion-item\">\n\t\t\t\t\t<div class=\"wd-accordion-title font-primary wd-fontsize-l wd-font-weight-600\" data-accordion-index=\"3\">\n\t\t\t\t\t\t<div class=\"wd-accordion-title-text\">\n\t\t\t\t\t\t\t\t\t\t\t\t\t\t<span>\n\t\t\t\t\t\t\t\t\u00bfQu\u00e9 productos se expondr\u00e1n en la feria?\t\t\t\t\t\t\t<\/span>\n\t\t\t\t\t\t<\/div>\n\t\t\t\t\t\t<span class=\"wd-accordion-opener\"><\/span>\n\t\t\t\t\t<\/div>\n\n\t\t\t\t\t<div class=\"wd-accordion-content wd-entry-content wd-fontsize-m\" data-accordion-index=\"3\">\n\t\t\t\t\t\t\t\t\t\t\t\t\t<p><span style=\"font-weight: 400;\">La feria ofrece una amplia gama de productos y tecnolog\u00edas que abarcan todos los \u00e1mbitos de la industria alimentaria.<\/span><\/p>\n<p><span style=\"font-weight: 400;\">Los visitantes podr\u00e1n ver muchas innovaciones, como alimentos procesados, bebidas, leche y productos l\u00e1cteos, productos de panader\u00eda, carne y productos c\u00e1rnicos, alimentos congelados y ecol\u00f3gicos, maquinaria de procesado de alimentos, sistemas de envasado, tecnolog\u00edas de refrigeraci\u00f3n y soluciones log\u00edsticas y de almacenamiento. <\/span><span style=\"font-weight: 400;\">El MFF pretende introducir tecnolog\u00edas que aumenten la eficiencia de la producci\u00f3n y ofrezcan soluciones sostenibles.<\/span><\/p>\n<p><br style=\"font-weight: 400;\" \/><br style=\"font-weight: 400;\" \/><\/p>\n\t\t\t\t\t\t\t\t\t\t\t<\/div>\n\t\t\t\t<\/div>\n\t\t\t\t\t\t\t\n\t\t\t\t\n\t\t\t\t<div class=\"wd-accordion-item\">\n\t\t\t\t\t<div class=\"wd-accordion-title font-primary wd-fontsize-l wd-font-weight-600\" data-accordion-index=\"4\">\n\t\t\t\t\t\t<div class=\"wd-accordion-title-text\">\n\t\t\t\t\t\t\t\t\t\t\t\t\t\t<span>\n\t\t\t\t\t\t\t\t\u00bfC\u00f3mo presentarse como participante?\t\t\t\t\t\t\t<\/span>\n\t\t\t\t\t\t<\/div>\n\t\t\t\t\t\t<span class=\"wd-accordion-opener\"><\/span>\n\t\t\t\t\t<\/div>\n\n\t\t\t\t\t<div class=\"wd-accordion-content wd-entry-content wd-fontsize-m\" data-accordion-index=\"4\">\n\t\t\t\t\t\t\t\t\t\t\t\t\t<p><span style=\"font-weight: 400;\">Las empresas que deseen ser expositoras pueden solicitarlo rellenando el formulario de solicitud de expositor en la web oficial de la feria o <\/span><a href=\"mailto:info@ortadogugidafuari.com\"><span style=\"font-weight: 400;\">info@ortadogugidafuari.com<\/span><\/a><span style=\"font-weight: 400;\"> Pueden presentar sus solicitudes enviando un correo electr\u00f3nico a la direcci\u00f3n T<\/span><span style=\"font-weight: 400;\">Las solicitudes son examinadas por el comit\u00e9 de la feria y se notifica a las empresas elegibles.<\/span><\/p>\n<p><br style=\"font-weight: 400;\" \/><br style=\"font-weight: 400;\" \/><\/p>\n\t\t\t\t\t\t\t\t\t\t\t<\/div>\n\t\t\t\t<\/div>\n\t\t\t\t\t\t\t\n\t\t\t\t\n\t\t\t\t<div class=\"wd-accordion-item\">\n\t\t\t\t\t<div class=\"wd-accordion-title font-primary wd-fontsize-l wd-font-weight-600\" data-accordion-index=\"5\">\n\t\t\t\t\t\t<div class=\"wd-accordion-title-text\">\n\t\t\t\t\t\t\t\t\t\t\t\t\t\t<span>\n\t\t\t\t\t\t\t\t\u00bfEs obligatorio inscribirse a la entrada de la feria?\t\t\t\t\t\t\t<\/span>\n\t\t\t\t\t\t<\/div>\n\t\t\t\t\t\t<span class=\"wd-accordion-opener\"><\/span>\n\t\t\t\t\t<\/div>\n\n\t\t\t\t\t<div class=\"wd-accordion-content wd-entry-content wd-fontsize-m\" data-accordion-index=\"5\">\n\t\t\t\t\t\t\t\t\t\t\t\t\t<p><span style=\"font-weight: 400;\">S\u00ed. La inscripci\u00f3n es obligatoria para acceder a la feria. <\/span><span style=\"font-weight: 400;\">Los visitantes pueden inscribirse rellenando el formulario de registro de visitantes en el sitio web de la feria o mediante <\/span><a href=\"mailto:info@ortadogugidafuari.com\"><span style=\"font-weight: 400;\">info@ortadogugidafuari.com<\/span><\/a><span style=\"font-weight: 400;\"> Pueden completar el proceso de inscripci\u00f3n enviando un correo electr\u00f3nico a la direcci\u00f3n indicada.<\/span><\/p>\n\t\t\t\t\t\t\t\t\t\t\t<\/div>\n\t\t\t\t<\/div>\n\t\t\t\t\t\t\t\n\t\t\t\t\n\t\t\t\t<div class=\"wd-accordion-item\">\n\t\t\t\t\t<div class=\"wd-accordion-title font-primary wd-fontsize-l wd-font-weight-600\" data-accordion-index=\"6\">\n\t\t\t\t\t\t<div class=\"wd-accordion-title-text\">\n\t\t\t\t\t\t\t\t\t\t\t\t\t\t<span>\n\t\t\t\t\t\t\t\t\u00bfCu\u00e1l es el horario de visita de la feria?\t\t\t\t\t\t\t<\/span>\n\t\t\t\t\t\t<\/div>\n\t\t\t\t\t\t<span class=\"wd-accordion-opener\"><\/span>\n\t\t\t\t\t<\/div>\n\n\t\t\t\t\t<div class=\"wd-accordion-content wd-entry-content wd-fontsize-m\" data-accordion-index=\"6\">\n\t\t\t\t\t\t\t\t\t\t\t\t\t<p><span style=\"font-weight: 400;\">La feria est\u00e1 abierta a los visitantes todos los d\u00edas de 10:00 a 18:00 horas. <\/span><span style=\"font-weight: 400;\">El \u00faltimo d\u00eda, el 8 de mayo de 2026, la feria finaliza a las 17:00 horas.<\/span><\/p>\n<p><br style=\"font-weight: 400;\" \/><br style=\"font-weight: 400;\" \/><\/p>\n\t\t\t\t\t\t\t\t\t\t\t<\/div>\n\t\t\t\t<\/div>\n\t\t\t\t\t\t\t\n\t\t\t\t\n\t\t\t\t<div class=\"wd-accordion-item\">\n\t\t\t\t\t<div class=\"wd-accordion-title font-primary wd-fontsize-l wd-font-weight-600\" data-accordion-index=\"7\">\n\t\t\t\t\t\t<div class=\"wd-accordion-title-text\">\n\t\t\t\t\t\t\t\t\t\t\t\t\t\t<span>\n\t\t\t\t\t\t\t\t\u00bfSe organizar\u00e1n reuniones de negocios B2B?\t\t\t\t\t\t\t<\/span>\n\t\t\t\t\t\t<\/div>\n\t\t\t\t\t\t<span class=\"wd-accordion-opener\"><\/span>\n\t\t\t\t\t<\/div>\n\n\t\t\t\t\t<div class=\"wd-accordion-content wd-entry-content wd-fontsize-m\" data-accordion-index=\"7\">\n\t\t\t\t\t\t\t\t\t\t\t\t\t<p><span style=\"font-weight: 400;\">S\u00ed. En el marco de la feria, se organizar\u00e1n encuentros comerciales bilaterales B2B entre delegaciones de compradores profesionales del extranjero y expositores. <\/span><span style=\"font-weight: 400;\">Estas reuniones ofrecen a los participantes la oportunidad de establecer nuevas asociaciones empresariales, aumentar las oportunidades de exportaci\u00f3n y abrirse a los mercados internacionales.<\/span><\/p>\n<p><br style=\"font-weight: 400;\" \/><br style=\"font-weight: 400;\" \/><\/p>\n\t\t\t\t\t\t\t\t\t\t\t<\/div>\n\t\t\t\t<\/div>\n\t\t\t\t\t\t\t\n\t\t\t\t\n\t\t\t\t<div class=\"wd-accordion-item\">\n\t\t\t\t\t<div class=\"wd-accordion-title font-primary wd-fontsize-l wd-font-weight-600\" data-accordion-index=\"8\">\n\t\t\t\t\t\t<div class=\"wd-accordion-title-text\">\n\t\t\t\t\t\t\t\t\t\t\t\t\t\t<span>\n\t\t\t\t\t\t\t\t\u00bfExiste un programa especial para visitantes extranjeros?\t\t\t\t\t\t\t<\/span>\n\t\t\t\t\t\t<\/div>\n\t\t\t\t\t\t<span class=\"wd-accordion-opener\"><\/span>\n\t\t\t\t\t<\/div>\n\n\t\t\t\t\t<div class=\"wd-accordion-content wd-entry-content wd-fontsize-m\" data-accordion-index=\"8\">\n\t\t\t\t\t\t\t\t\t\t\t\t\t<p><span style=\"font-weight: 400;\">S\u00ed. El Programa de Delegaci\u00f3n Internacional de Compradores se aplica a los visitantes profesionales del extranjero. <\/span><span style=\"font-weight: 400;\">En el marco de este programa, los productores turcos pueden celebrar reuniones individuales con compradores extranjeros; tambi\u00e9n se ofrece apoyo en traducci\u00f3n, orientaci\u00f3n y alojamiento.<\/span><\/p>\n<p><br style=\"font-weight: 400;\" \/><br style=\"font-weight: 400;\" \/><\/p>\n\t\t\t\t\t\t\t\t\t\t\t<\/div>\n\t\t\t\t<\/div>\n\t\t\t\t\t\t\t\n\t\t\t\t\n\t\t\t\t<div class=\"wd-accordion-item\">\n\t\t\t\t\t<div class=\"wd-accordion-title font-primary wd-fontsize-l wd-font-weight-600\" data-accordion-index=\"9\">\n\t\t\t\t\t\t<div class=\"wd-accordion-title-text\">\n\t\t\t\t\t\t\t\t\t\t\t\t\t\t<span>\n\t\t\t\t\t\t\t\t\u00bfC\u00f3mo llegar al recinto ferial?\t\t\t\t\t\t\t<\/span>\n\t\t\t\t\t\t<\/div>\n\t\t\t\t\t\t<span class=\"wd-accordion-opener\"><\/span>\n\t\t\t\t\t<\/div>\n\n\t\t\t\t\t<div class=\"wd-accordion-content wd-entry-content wd-fontsize-m\" data-accordion-index=\"9\">\n\t\t\t\t\t\t\t\t\t\t\t\t\t<p><span style=\"font-weight: 400;\">El Gaziantep Middle East Expo Centre est\u00e1 situado muy cerca del centro de la ciudad. <\/span><span style=\"font-weight: 400;\">Los visitantes pueden llegar f\u00e1cilmente al recinto ferial en transporte p\u00fablico o mediante los servicios gratuitos de lanzadera que estar\u00e1n disponibles durante la feria. <\/span><span style=\"font-weight: 400;\">Encontrar\u00e1 informaci\u00f3n detallada sobre el transporte en el sitio web de la feria: <a href=\"https:\/\/ortadogugidafuari.com\/es\/\">www.ortadogugidafuari.com<\/a><\/span><\/p>\n<p><br style=\"font-weight: 400;\" \/><br style=\"font-weight: 400;\" \/><\/p>\n\t\t\t\t\t\t\t\t\t\t\t<\/div>\n\t\t\t\t<\/div>\n\t\t\t\t\t\t\t\n\t\t\t\t\n\t\t\t\t<div class=\"wd-accordion-item\">\n\t\t\t\t\t<div class=\"wd-accordion-title font-primary wd-fontsize-l wd-font-weight-600\" data-accordion-index=\"10\">\n\t\t\t\t\t\t<div class=\"wd-accordion-title-text\">\n\t\t\t\t\t\t\t\t\t\t\t\t\t\t<span>\n\t\t\t\t\t\t\t\t\u00bfSe permite la entrada de ni\u00f1os a la feria?\t\t\t\t\t\t\t<\/span>\n\t\t\t\t\t\t<\/div>\n\t\t\t\t\t\t<span class=\"wd-accordion-opener\"><\/span>\n\t\t\t\t\t<\/div>\n\n\t\t\t\t\t<div class=\"wd-accordion-content wd-entry-content wd-fontsize-m\" data-accordion-index=\"10\">\n\t\t\t\t\t\t\t\t\t\t\t\t\t<p><span style=\"font-weight: 400;\">Descripci\u00f3n. El MFF es un evento para la comunidad empresarial profesional. Por este motivo, no se permite la presencia de ni\u00f1os en el recinto ferial.<\/span><\/p>\n\t\t\t\t\t\t\t\t\t\t\t<\/div>\n\t\t\t\t<\/div>\n\t\t\t\t\t\t\t\n\t\t\t\t\n\t\t\t\t<div class=\"wd-accordion-item\">\n\t\t\t\t\t<div class=\"wd-accordion-title font-primary wd-fontsize-l wd-font-weight-600\" data-accordion-index=\"11\">\n\t\t\t\t\t\t<div class=\"wd-accordion-title-text\">\n\t\t\t\t\t\t\t\t\t\t\t\t\t\t<span>\n\t\t\t\t\t\t\t\t\u00bfHay que pagar entrada?\t\t\t\t\t\t\t<\/span>\n\t\t\t\t\t\t<\/div>\n\t\t\t\t\t\t<span class=\"wd-accordion-opener\"><\/span>\n\t\t\t\t\t<\/div>\n\n\t\t\t\t\t<div class=\"wd-accordion-content wd-entry-content wd-fontsize-m\" data-accordion-index=\"11\">\n\t\t\t\t\t\t\t\t\t\t\t\t\t<p><span style=\"font-weight: 400;\">S\u00ed. La entrada a la feria es de pago para los visitantes de fuera del sector. <\/span><span style=\"font-weight: 400;\">No obstante, los profesionales de la industria alimentaria pueden visitar la feria gratuitamente previa inscripci\u00f3n.<\/span><\/p>\n<p><br style=\"font-weight: 400;\" \/><br style=\"font-weight: 400;\" \/><\/p>\n\t\t\t\t\t\t\t\t\t\t\t<\/div>\n\t\t\t\t<\/div>\n\t\t\t\t\t\t\t\n\t\t\t\t\n\t\t\t\t<div class=\"wd-accordion-item\">\n\t\t\t\t\t<div class=\"wd-accordion-title font-primary wd-fontsize-l wd-font-weight-600\" data-accordion-index=\"12\">\n\t\t\t\t\t\t<div class=\"wd-accordion-title-text\">\n\t\t\t\t\t\t\t\t\t\t\t\t\t\t<span>\n\t\t\t\t\t\t\t\t\u00bfD\u00f3nde puedo encontrar informaci\u00f3n detallada sobre la feria?\t\t\t\t\t\t\t<\/span>\n\t\t\t\t\t\t<\/div>\n\t\t\t\t\t\t<span class=\"wd-accordion-opener\"><\/span>\n\t\t\t\t\t<\/div>\n\n\t\t\t\t\t<div class=\"wd-accordion-content wd-entry-content wd-fontsize-m\" data-accordion-index=\"12\">\n\t\t\t\t\t\t\t\t\t\t\t\t\t<p><span style=\"font-weight: 400;\">Toda la informaci\u00f3n actualizada sobre la feria, formularios de inscripci\u00f3n y condiciones de participaci\u00f3n <\/span><a href=\"https:\/\/ortadogugidafuari.com\/es\/\"><span style=\"font-weight: 400;\">www.ortadogugidafuari.com<\/span><\/a><span style=\"font-weight: 400;\"> Puede ponerse en contacto con nosotros en. <\/span><span style=\"font-weight: 400;\">Tambi\u00e9n para todas sus preguntas <\/span><a href=\"mailto:info@ortadogugidafuari.com\"><span style=\"font-weight: 400;\">info@ortadogugidafuari.com<\/span><\/a><span style=\"font-weight: 400;\"> Puede enviar un correo electr\u00f3nico a la direcci\u00f3n.<\/span><\/p>\n<p><br style=\"font-weight: 400;\" \/><br style=\"font-weight: 400;\" \/><\/p>\n\t\t\t\t\t\t\t\t\t\t\t<\/div>\n\t\t\t\t<\/div>\n\t\t\t\t\t\t\t\t\t\t\t\t\t\t<\/div>\n\n\t\t<\/div><\/div><\/div><\/div>\n<\/div>","protected":false},"excerpt":{"rendered":"S\u0131k\u00e7a Sorulan Sorular Fuar ne zaman ve nerede d\u00fczenlenecek? MFF Orta Do\u011fu G\u0131da ve G\u0131da Teknolojileri Fuar\u0131, 6-8 May\u0131s 2026","protected":false},"author":1,"featured_media":0,"parent":0,"menu_order":0,"comment_status":"closed","ping_status":"closed","template":"","meta":{"footnotes":""},"class_list":["post-28","page","type-page","status-publish","hentry"],"_links":{"self":[{"href":"https:\/\/ortadogugidafuari.com\/es\/wp-json\/wp\/v2\/pages\/28","targetHints":{"allow":["GET"]}}],"collection":[{"href":"https:\/\/ortadogugidafuari.com\/es\/wp-json\/wp\/v2\/pages"}],"about":[{"href":"https:\/\/ortadogugidafuari.com\/es\/wp-json\/wp\/v2\/types\/page"}],"author":[{"embeddable":true,"href":"https:\/\/ortadogugidafuari.com\/es\/wp-json\/wp\/v2\/users\/1"}],"replies":[{"embeddable":true,"href":"https:\/\/ortadogugidafuari.com\/es\/wp-json\/wp\/v2\/comments?post=28"}],"version-history":[{"count":4,"href":"https:\/\/ortadogugidafuari.com\/es\/wp-json\/wp\/v2\/pages\/28\/revisions"}],"predecessor-version":[{"id":135,"href":"https:\/\/ortadogugidafuari.com\/es\/wp-json\/wp\/v2\/pages\/28\/revisions\/135"}],"wp:attachment":[{"href":"https:\/\/ortadogugidafuari.com\/es\/wp-json\/wp\/v2\/media?parent=28"}],"curies":[{"name":"wp","href":"https:\/\/api.w.org\/{rel}","templated":true}]}}