{"id":28,"date":"2025-09-24T14:34:01","date_gmt":"2025-09-24T14:34:01","guid":{"rendered":"https:\/\/ortadogu.websitesunum.com.tr\/?page_id=28"},"modified":"2025-10-09T13:09:46","modified_gmt":"2025-10-09T13:09:46","slug":"yardim","status":"publish","type":"page","link":"https:\/\/ortadogugidafuari.com\/fr\/yardim\/","title":{"rendered":"Aide"},"content":{"rendered":"<div class=\"wpb-content-wrapper\"><div id=\"soru\" class=\"vc_row wpb_row vc_row-fluid wd-rs-6877912fe5f3f\"><div class=\"wpb_column vc_column_container vc_col-sm-12\"><div class=\"vc_column-inner\"><div class=\"wpb_wrapper\">\n\t\t<div id=\"wd-68e7b3f5307e5\" class=\"title-wrapper wd-wpb wd-set-mb reset-last-child  wd-animation-slide-from-right wd-animation-normal wd_delay_200 wd-rs-68e7b3f5307e5 wd-title-color-default wd-title-style-default text-center  wd-underline-colored\">\n\t\t\t\n\t\t\t<div class=\"liner-continer\">\n\t\t\t\t<h2 class=\"woodmart-title-container title  wd-font-weight- wd-fontsize-xxxl\" >Questions fr\u00e9quemment pos\u00e9es<\/h2>\n\t\t\t\t\t\t\t<\/div>\n\t\t\t\n\t\t\t\n\t\t\t\n\t\t<\/div>\n\t\t\n\t\t\n\t\t<div id=\"wd-6877677af227b\" class=\"wd-accordion wd-wpb wd-animation-slide-from-right wd-animation-normal wd_delay_200 wd-rs-6877677af227b  wd-style-default wd-titles-left wd-opener-pos-left wd-opener-style-arrow\" data-state=\"all_closed\">\n\t\t\t\t\t\t\t\n\t\t\t\t\n\t\t\t\t<div class=\"wd-accordion-item\">\n\t\t\t\t\t<div class=\"wd-accordion-title font-primary wd-fontsize-l wd-font-weight-600\" data-accordion-index=\"0\">\n\t\t\t\t\t\t<div class=\"wd-accordion-title-text\">\n\t\t\t\t\t\t\t\t\t\t\t\t\t\t<span>\n\t\t\t\t\t\t\t\tO\u00f9 et quand la foire sera-t-elle organis\u00e9e ?\t\t\t\t\t\t\t<\/span>\n\t\t\t\t\t\t<\/div>\n\t\t\t\t\t\t<span class=\"wd-accordion-opener\"><\/span>\n\t\t\t\t\t<\/div>\n\n\t\t\t\t\t<div class=\"wd-accordion-content wd-entry-content wd-fontsize-m\" data-accordion-index=\"0\">\n\t\t\t\t\t\t\t\t\t\t\t\t\t<p><span style=\"font-weight: 400;\">Le salon MFF Middle East Food and Food Technologies Fair se tiendra au Middle East Fair Center de Gaziantep du 6 au 8 mai 2026. <\/span><span style=\"font-weight: 400;\">Cette foire est la r\u00e9union sectorielle la plus compl\u00e8te de la r\u00e9gion, rassemblant des entreprises actives dans les domaines de l'alimentation, de la production alimentaire, des technologies de transformation, de l'emballage, des syst\u00e8mes de refroidissement et de la logistique.<\/span><\/p>\n<p><br style=\"font-weight: 400;\" \/><br style=\"font-weight: 400;\" \/><\/p>\n\t\t\t\t\t\t\t\t\t\t\t<\/div>\n\t\t\t\t<\/div>\n\t\t\t\t\t\t\t\n\t\t\t\t\n\t\t\t\t<div class=\"wd-accordion-item\">\n\t\t\t\t\t<div class=\"wd-accordion-title font-primary wd-fontsize-l wd-font-weight-600\" data-accordion-index=\"1\">\n\t\t\t\t\t\t<div class=\"wd-accordion-title-text\">\n\t\t\t\t\t\t\t\t\t\t\t\t\t\t<span>\n\t\t\t\t\t\t\t\tQuel est l'objectif de la foire ?\t\t\t\t\t\t\t<\/span>\n\t\t\t\t\t\t<\/div>\n\t\t\t\t\t\t<span class=\"wd-accordion-opener\"><\/span>\n\t\t\t\t\t<\/div>\n\n\t\t\t\t\t<div class=\"wd-accordion-content wd-entry-content wd-fontsize-m\" data-accordion-index=\"1\">\n\t\t\t\t\t\t\t\t\t\t\t\t\t<p><span style=\"font-weight: 400;\">Le MFF vise \u00e0 r\u00e9unir sous un m\u00eame toit les fabricants, les fournisseurs, les importateurs, les exportateurs et les visiteurs professionnels op\u00e9rant dans les secteurs de l'alimentation et des technologies alimentaires. <\/span><span style=\"font-weight: 400;\">L'\u00e9v\u00e9nement est organis\u00e9 pour soutenir le d\u00e9veloppement du secteur, cr\u00e9er de nouveaux contacts commerciaux, augmenter le volume des \u00e9changes et introduire des innovations technologiques.<\/span><\/p>\n<p><br style=\"font-weight: 400;\" \/><br style=\"font-weight: 400;\" \/><\/p>\n\t\t\t\t\t\t\t\t\t\t\t<\/div>\n\t\t\t\t<\/div>\n\t\t\t\t\t\t\t\n\t\t\t\t\n\t\t\t\t<div class=\"wd-accordion-item\">\n\t\t\t\t\t<div class=\"wd-accordion-title font-primary wd-fontsize-l wd-font-weight-600\" data-accordion-index=\"2\">\n\t\t\t\t\t\t<div class=\"wd-accordion-title-text\">\n\t\t\t\t\t\t\t\t\t\t\t\t\t\t<span>\n\t\t\t\t\t\t\t\tQui peut visiter la foire ?\t\t\t\t\t\t\t<\/span>\n\t\t\t\t\t\t<\/div>\n\t\t\t\t\t\t<span class=\"wd-accordion-opener\"><\/span>\n\t\t\t\t\t<\/div>\n\n\t\t\t\t\t<div class=\"wd-accordion-content wd-entry-content wd-fontsize-m\" data-accordion-index=\"2\">\n\t\t\t\t\t\t\t\t\t\t\t\t\t<p><span style=\"font-weight: 400;\">Le salon est visit\u00e9 par des fabricants de produits alimentaires, des usines de transformation, des cha\u00eenes de magasins, des soci\u00e9t\u00e9s d'importation et d'exportation, des h\u00f4tels, des restaurants, des soci\u00e9t\u00e9s de restauration, des prestataires de services logistiques, des fabricants d'emballages et des professionnels de l'industrie alimentaire. <\/span><span style=\"font-weight: 400;\">En outre, des d\u00e9l\u00e9gations d'acheteurs professionnels de nombreux pays participent \u00e0 la foire pour des n\u00e9gociations commerciales.<\/span><\/p>\n<p><br style=\"font-weight: 400;\" \/><br style=\"font-weight: 400;\" \/><\/p>\n\t\t\t\t\t\t\t\t\t\t\t<\/div>\n\t\t\t\t<\/div>\n\t\t\t\t\t\t\t\n\t\t\t\t\n\t\t\t\t<div class=\"wd-accordion-item\">\n\t\t\t\t\t<div class=\"wd-accordion-title font-primary wd-fontsize-l wd-font-weight-600\" data-accordion-index=\"3\">\n\t\t\t\t\t\t<div class=\"wd-accordion-title-text\">\n\t\t\t\t\t\t\t\t\t\t\t\t\t\t<span>\n\t\t\t\t\t\t\t\tQuels produits seront expos\u00e9s \u00e0 la foire ?\t\t\t\t\t\t\t<\/span>\n\t\t\t\t\t\t<\/div>\n\t\t\t\t\t\t<span class=\"wd-accordion-opener\"><\/span>\n\t\t\t\t\t<\/div>\n\n\t\t\t\t\t<div class=\"wd-accordion-content wd-entry-content wd-fontsize-m\" data-accordion-index=\"3\">\n\t\t\t\t\t\t\t\t\t\t\t\t\t<p><span style=\"font-weight: 400;\">Le salon propose une large gamme de produits et de technologies couvrant tous les domaines de l'industrie alimentaire.<\/span><\/p>\n<p><span style=\"font-weight: 400;\">Les visiteurs pourront d\u00e9couvrir de nombreuses innovations telles que les aliments transform\u00e9s, les boissons, le lait et les produits laitiers, les produits de boulangerie, la viande et les produits \u00e0 base de viande, les aliments surgel\u00e9s et biologiques, les machines de transformation des aliments, les syst\u00e8mes d'emballage, les technologies de refroidissement, la logistique et les solutions de stockage. <\/span><span style=\"font-weight: 400;\">Le FFM vise \u00e0 introduire des technologies qui augmentent l'efficacit\u00e9 de la production et offrent des solutions durables.<\/span><\/p>\n<p><br style=\"font-weight: 400;\" \/><br style=\"font-weight: 400;\" \/><\/p>\n\t\t\t\t\t\t\t\t\t\t\t<\/div>\n\t\t\t\t<\/div>\n\t\t\t\t\t\t\t\n\t\t\t\t\n\t\t\t\t<div class=\"wd-accordion-item\">\n\t\t\t\t\t<div class=\"wd-accordion-title font-primary wd-fontsize-l wd-font-weight-600\" data-accordion-index=\"4\">\n\t\t\t\t\t\t<div class=\"wd-accordion-title-text\">\n\t\t\t\t\t\t\t\t\t\t\t\t\t\t<span>\n\t\t\t\t\t\t\t\tComment s'inscrire en tant que participant ?\t\t\t\t\t\t\t<\/span>\n\t\t\t\t\t\t<\/div>\n\t\t\t\t\t\t<span class=\"wd-accordion-opener\"><\/span>\n\t\t\t\t\t<\/div>\n\n\t\t\t\t\t<div class=\"wd-accordion-content wd-entry-content wd-fontsize-m\" data-accordion-index=\"4\">\n\t\t\t\t\t\t\t\t\t\t\t\t\t<p><span style=\"font-weight: 400;\">Les entreprises qui souhaitent \u00eatre exposantes peuvent poser leur candidature en remplissant le formulaire de demande d'exposant sur le site officiel de la foire ou en remplissant le formulaire de demande d'exposant sur le site officiel de la foire. <\/span><a href=\"mailto:info@ortadogugidafuari.com\"><span style=\"font-weight: 400;\">info@ortadogugidafuari.com<\/span><\/a><span style=\"font-weight: 400;\"> Ils peuvent d\u00e9poser leur candidature en envoyant un courrier \u00e9lectronique \u00e0 l'adresse. T<\/span><span style=\"font-weight: 400;\">Les candidatures sont examin\u00e9es par le comit\u00e9 de la foire et les entreprises \u00e9ligibles sont notifi\u00e9es.<\/span><\/p>\n<p><br style=\"font-weight: 400;\" \/><br style=\"font-weight: 400;\" \/><\/p>\n\t\t\t\t\t\t\t\t\t\t\t<\/div>\n\t\t\t\t<\/div>\n\t\t\t\t\t\t\t\n\t\t\t\t\n\t\t\t\t<div class=\"wd-accordion-item\">\n\t\t\t\t\t<div class=\"wd-accordion-title font-primary wd-fontsize-l wd-font-weight-600\" data-accordion-index=\"5\">\n\t\t\t\t\t\t<div class=\"wd-accordion-title-text\">\n\t\t\t\t\t\t\t\t\t\t\t\t\t\t<span>\n\t\t\t\t\t\t\t\tL'inscription est-elle obligatoire \u00e0 l'entr\u00e9e de la foire ?\t\t\t\t\t\t\t<\/span>\n\t\t\t\t\t\t<\/div>\n\t\t\t\t\t\t<span class=\"wd-accordion-opener\"><\/span>\n\t\t\t\t\t<\/div>\n\n\t\t\t\t\t<div class=\"wd-accordion-content wd-entry-content wd-fontsize-m\" data-accordion-index=\"5\">\n\t\t\t\t\t\t\t\t\t\t\t\t\t<p><span style=\"font-weight: 400;\">Oui. L'inscription est obligatoire pour acc\u00e9der au salon. <\/span><span style=\"font-weight: 400;\">Les visiteurs peuvent s'inscrire en remplissant le formulaire d'inscription des visiteurs sur le site web de la foire ou en se rendant \u00e0 l'adresse suivante <\/span><a href=\"mailto:info@ortadogugidafuari.com\"><span style=\"font-weight: 400;\">info@ortadogugidafuari.com<\/span><\/a><span style=\"font-weight: 400;\"> Ils peuvent compl\u00e9ter leur inscription en envoyant un e-mail \u00e0 l'adresse.<\/span><\/p>\n\t\t\t\t\t\t\t\t\t\t\t<\/div>\n\t\t\t\t<\/div>\n\t\t\t\t\t\t\t\n\t\t\t\t\n\t\t\t\t<div class=\"wd-accordion-item\">\n\t\t\t\t\t<div class=\"wd-accordion-title font-primary wd-fontsize-l wd-font-weight-600\" data-accordion-index=\"6\">\n\t\t\t\t\t\t<div class=\"wd-accordion-title-text\">\n\t\t\t\t\t\t\t\t\t\t\t\t\t\t<span>\n\t\t\t\t\t\t\t\tQuelles sont les heures d'ouverture de la foire ?\t\t\t\t\t\t\t<\/span>\n\t\t\t\t\t\t<\/div>\n\t\t\t\t\t\t<span class=\"wd-accordion-opener\"><\/span>\n\t\t\t\t\t<\/div>\n\n\t\t\t\t\t<div class=\"wd-accordion-content wd-entry-content wd-fontsize-m\" data-accordion-index=\"6\">\n\t\t\t\t\t\t\t\t\t\t\t\t\t<p><span style=\"font-weight: 400;\">La foire est ouverte aux visiteurs tous les jours de 10h00 \u00e0 18h00. <\/span><span style=\"font-weight: 400;\">Le dernier jour, le 8 mai 2026, la foire se termine \u00e0 17h00.<\/span><\/p>\n<p><br style=\"font-weight: 400;\" \/><br style=\"font-weight: 400;\" \/><\/p>\n\t\t\t\t\t\t\t\t\t\t\t<\/div>\n\t\t\t\t<\/div>\n\t\t\t\t\t\t\t\n\t\t\t\t\n\t\t\t\t<div class=\"wd-accordion-item\">\n\t\t\t\t\t<div class=\"wd-accordion-title font-primary wd-fontsize-l wd-font-weight-600\" data-accordion-index=\"7\">\n\t\t\t\t\t\t<div class=\"wd-accordion-title-text\">\n\t\t\t\t\t\t\t\t\t\t\t\t\t\t<span>\n\t\t\t\t\t\t\t\tDes r\u00e9unions d'affaires B2B seront-elles organis\u00e9es ?\t\t\t\t\t\t\t<\/span>\n\t\t\t\t\t\t<\/div>\n\t\t\t\t\t\t<span class=\"wd-accordion-opener\"><\/span>\n\t\t\t\t\t<\/div>\n\n\t\t\t\t\t<div class=\"wd-accordion-content wd-entry-content wd-fontsize-m\" data-accordion-index=\"7\">\n\t\t\t\t\t\t\t\t\t\t\t\t\t<p><span style=\"font-weight: 400;\">Oui. Dans le cadre de la foire, des r\u00e9unions d'affaires bilat\u00e9rales B2B seront organis\u00e9es entre les d\u00e9l\u00e9gations d'acheteurs professionnels \u00e9trangers et les exposants. <\/span><span style=\"font-weight: 400;\">Ces r\u00e9unions offrent aux participants la possibilit\u00e9 d'\u00e9tablir de nouveaux partenariats commerciaux, d'accro\u00eetre les possibilit\u00e9s d'exportation et de s'ouvrir aux march\u00e9s internationaux.<\/span><\/p>\n<p><br style=\"font-weight: 400;\" \/><br style=\"font-weight: 400;\" \/><\/p>\n\t\t\t\t\t\t\t\t\t\t\t<\/div>\n\t\t\t\t<\/div>\n\t\t\t\t\t\t\t\n\t\t\t\t\n\t\t\t\t<div class=\"wd-accordion-item\">\n\t\t\t\t\t<div class=\"wd-accordion-title font-primary wd-fontsize-l wd-font-weight-600\" data-accordion-index=\"8\">\n\t\t\t\t\t\t<div class=\"wd-accordion-title-text\">\n\t\t\t\t\t\t\t\t\t\t\t\t\t\t<span>\n\t\t\t\t\t\t\t\tExiste-t-il un programme sp\u00e9cial pour les visiteurs \u00e9trangers ?\t\t\t\t\t\t\t<\/span>\n\t\t\t\t\t\t<\/div>\n\t\t\t\t\t\t<span class=\"wd-accordion-opener\"><\/span>\n\t\t\t\t\t<\/div>\n\n\t\t\t\t\t<div class=\"wd-accordion-content wd-entry-content wd-fontsize-m\" data-accordion-index=\"8\">\n\t\t\t\t\t\t\t\t\t\t\t\t\t<p><span style=\"font-weight: 400;\">Oui. Le programme de d\u00e9l\u00e9gation d'acheteurs internationaux s'applique aux visiteurs professionnels \u00e9trangers. <\/span><span style=\"font-weight: 400;\">Dans le cadre de ce programme, les producteurs turcs peuvent organiser des r\u00e9unions individuelles avec des acheteurs \u00e9trangers ; des services de traduction, d'orientation et d'h\u00e9bergement sont \u00e9galement fournis.<\/span><\/p>\n<p><br style=\"font-weight: 400;\" \/><br style=\"font-weight: 400;\" \/><\/p>\n\t\t\t\t\t\t\t\t\t\t\t<\/div>\n\t\t\t\t<\/div>\n\t\t\t\t\t\t\t\n\t\t\t\t\n\t\t\t\t<div class=\"wd-accordion-item\">\n\t\t\t\t\t<div class=\"wd-accordion-title font-primary wd-fontsize-l wd-font-weight-600\" data-accordion-index=\"9\">\n\t\t\t\t\t\t<div class=\"wd-accordion-title-text\">\n\t\t\t\t\t\t\t\t\t\t\t\t\t\t<span>\n\t\t\t\t\t\t\t\tComment puis-je me rendre au champ de foire ?\t\t\t\t\t\t\t<\/span>\n\t\t\t\t\t\t<\/div>\n\t\t\t\t\t\t<span class=\"wd-accordion-opener\"><\/span>\n\t\t\t\t\t<\/div>\n\n\t\t\t\t\t<div class=\"wd-accordion-content wd-entry-content wd-fontsize-m\" data-accordion-index=\"9\">\n\t\t\t\t\t\t\t\t\t\t\t\t\t<p><span style=\"font-weight: 400;\">Le Middle East Expo Centre de Gaziantep est situ\u00e9 \u00e0 proximit\u00e9 du centre-ville. <\/span><span style=\"font-weight: 400;\">Les visiteurs peuvent facilement se rendre au champ de foire par les transports publics ou par les services de navette gratuits qui seront disponibles pendant la foire. <\/span><span style=\"font-weight: 400;\">Des informations d\u00e9taill\u00e9es sur les transports sont disponibles sur le site web de la foire : <a href=\"https:\/\/ortadogugidafuari.com\/fr\/\">www.ortadogugidafuari.com<\/a><\/span><\/p>\n<p><br style=\"font-weight: 400;\" \/><br style=\"font-weight: 400;\" \/><\/p>\n\t\t\t\t\t\t\t\t\t\t\t<\/div>\n\t\t\t\t<\/div>\n\t\t\t\t\t\t\t\n\t\t\t\t\n\t\t\t\t<div class=\"wd-accordion-item\">\n\t\t\t\t\t<div class=\"wd-accordion-title font-primary wd-fontsize-l wd-font-weight-600\" data-accordion-index=\"10\">\n\t\t\t\t\t\t<div class=\"wd-accordion-title-text\">\n\t\t\t\t\t\t\t\t\t\t\t\t\t\t<span>\n\t\t\t\t\t\t\t\tLes enfants sont-ils autoris\u00e9s \u00e0 participer \u00e0 la foire ?\t\t\t\t\t\t\t<\/span>\n\t\t\t\t\t\t<\/div>\n\t\t\t\t\t\t<span class=\"wd-accordion-opener\"><\/span>\n\t\t\t\t\t<\/div>\n\n\t\t\t\t\t<div class=\"wd-accordion-content wd-entry-content wd-fontsize-m\" data-accordion-index=\"10\">\n\t\t\t\t\t\t\t\t\t\t\t\t\t<p><span style=\"font-weight: 400;\">Description. Le FFM est un \u00e9v\u00e9nement destin\u00e9 aux professionnels. Pour cette raison, les enfants ne sont pas admis sur le champ de foire.<\/span><\/p>\n\t\t\t\t\t\t\t\t\t\t\t<\/div>\n\t\t\t\t<\/div>\n\t\t\t\t\t\t\t\n\t\t\t\t\n\t\t\t\t<div class=\"wd-accordion-item\">\n\t\t\t\t\t<div class=\"wd-accordion-title font-primary wd-fontsize-l wd-font-weight-600\" data-accordion-index=\"11\">\n\t\t\t\t\t\t<div class=\"wd-accordion-title-text\">\n\t\t\t\t\t\t\t\t\t\t\t\t\t\t<span>\n\t\t\t\t\t\t\t\tY a-t-il un droit d'entr\u00e9e ?\t\t\t\t\t\t\t<\/span>\n\t\t\t\t\t\t<\/div>\n\t\t\t\t\t\t<span class=\"wd-accordion-opener\"><\/span>\n\t\t\t\t\t<\/div>\n\n\t\t\t\t\t<div class=\"wd-accordion-content wd-entry-content wd-fontsize-m\" data-accordion-index=\"11\">\n\t\t\t\t\t\t\t\t\t\t\t\t\t<p><span style=\"font-weight: 400;\">Oui. L'entr\u00e9e au salon est payante pour les visiteurs ext\u00e9rieurs au secteur. <\/span><span style=\"font-weight: 400;\">Toutefois, les professionnels de l'industrie alimentaire peuvent visiter le salon gratuitement en s'inscrivant \u00e0 l'avance.<\/span><\/p>\n<p><br style=\"font-weight: 400;\" \/><br style=\"font-weight: 400;\" \/><\/p>\n\t\t\t\t\t\t\t\t\t\t\t<\/div>\n\t\t\t\t<\/div>\n\t\t\t\t\t\t\t\n\t\t\t\t\n\t\t\t\t<div class=\"wd-accordion-item\">\n\t\t\t\t\t<div class=\"wd-accordion-title font-primary wd-fontsize-l wd-font-weight-600\" data-accordion-index=\"12\">\n\t\t\t\t\t\t<div class=\"wd-accordion-title-text\">\n\t\t\t\t\t\t\t\t\t\t\t\t\t\t<span>\n\t\t\t\t\t\t\t\tO\u00f9 puis-je trouver des informations d\u00e9taill\u00e9es sur la foire ?\t\t\t\t\t\t\t<\/span>\n\t\t\t\t\t\t<\/div>\n\t\t\t\t\t\t<span class=\"wd-accordion-opener\"><\/span>\n\t\t\t\t\t<\/div>\n\n\t\t\t\t\t<div class=\"wd-accordion-content wd-entry-content wd-fontsize-m\" data-accordion-index=\"12\">\n\t\t\t\t\t\t\t\t\t\t\t\t\t<p><span style=\"font-weight: 400;\">Toutes les informations actuelles sur la foire, les formulaires d'inscription et les conditions de participation <\/span><a href=\"https:\/\/ortadogugidafuari.com\/fr\/\"><span style=\"font-weight: 400;\">www.ortadogugidafuari.com<\/span><\/a><span style=\"font-weight: 400;\"> Vous pouvez nous contacter \u00e0 l'adresse suivante. <\/span><span style=\"font-weight: 400;\">Pour toutes vos questions <\/span><a href=\"mailto:info@ortadogugidafuari.com\"><span style=\"font-weight: 400;\">info@ortadogugidafuari.com<\/span><\/a><span style=\"font-weight: 400;\"> Vous pouvez envoyer un e-mail \u00e0 l'adresse.<\/span><\/p>\n<p><br style=\"font-weight: 400;\" \/><br style=\"font-weight: 400;\" \/><\/p>\n\t\t\t\t\t\t\t\t\t\t\t<\/div>\n\t\t\t\t<\/div>\n\t\t\t\t\t\t\t\t\t\t\t\t\t\t<\/div>\n\n\t\t<\/div><\/div><\/div><\/div>\n<\/div>","protected":false},"excerpt":{"rendered":"S\u0131k\u00e7a Sorulan Sorular Fuar ne zaman ve nerede d\u00fczenlenecek? MFF Orta Do\u011fu G\u0131da ve G\u0131da Teknolojileri Fuar\u0131, 6-8 May\u0131s 2026","protected":false},"author":1,"featured_media":0,"parent":0,"menu_order":0,"comment_status":"closed","ping_status":"closed","template":"","meta":{"footnotes":""},"class_list":["post-28","page","type-page","status-publish","hentry"],"_links":{"self":[{"href":"https:\/\/ortadogugidafuari.com\/fr\/wp-json\/wp\/v2\/pages\/28","targetHints":{"allow":["GET"]}}],"collection":[{"href":"https:\/\/ortadogugidafuari.com\/fr\/wp-json\/wp\/v2\/pages"}],"about":[{"href":"https:\/\/ortadogugidafuari.com\/fr\/wp-json\/wp\/v2\/types\/page"}],"author":[{"embeddable":true,"href":"https:\/\/ortadogugidafuari.com\/fr\/wp-json\/wp\/v2\/users\/1"}],"replies":[{"embeddable":true,"href":"https:\/\/ortadogugidafuari.com\/fr\/wp-json\/wp\/v2\/comments?post=28"}],"version-history":[{"count":4,"href":"https:\/\/ortadogugidafuari.com\/fr\/wp-json\/wp\/v2\/pages\/28\/revisions"}],"predecessor-version":[{"id":135,"href":"https:\/\/ortadogugidafuari.com\/fr\/wp-json\/wp\/v2\/pages\/28\/revisions\/135"}],"wp:attachment":[{"href":"https:\/\/ortadogugidafuari.com\/fr\/wp-json\/wp\/v2\/media?parent=28"}],"curies":[{"name":"wp","href":"https:\/\/api.w.org\/{rel}","templated":true}]}}